{"id":3008,"date":"2026-03-11T15:41:03","date_gmt":"2026-03-11T15:41:03","guid":{"rendered":"https:\/\/kolff.cl\/?page_id=3008"},"modified":"2026-03-19T14:42:04","modified_gmt":"2026-03-19T14:42:04","slug":"kolff-day","status":"publish","type":"page","link":"https:\/\/kolff.cl\/index.php\/kolff-day\/","title":{"rendered":"KOLFF DAY"},"content":{"rendered":"\t\t<div data-elementor-type=\"wp-page\" data-elementor-id=\"3008\" class=\"elementor elementor-3008\" data-elementor-post-type=\"page\">\n\t\t\t\t<div class=\"elementor-element elementor-element-c6c8798 e-flex e-con-boxed e-con e-parent\" data-id=\"c6c8798\" data-element_type=\"container\" data-settings=\"{&quot;background_background&quot;:&quot;classic&quot;}\">\n\t\t\t\t\t<div class=\"e-con-inner\">\n\t\t\t\t<div class=\"elementor-element elementor-element-f738680 elementor-hidden-widescreen elementor-hidden-desktop elementor-hidden-tablet jltma-glass-effect-no elementor-widget elementor-widget-image\" data-id=\"f738680\" data-element_type=\"widget\" data-widget_type=\"image.default\">\n\t\t\t\t<div class=\"elementor-widget-container\">\n\t\t\t\t\t\t\t\t\t\t\t\t\t\t\t<img fetchpriority=\"high\" decoding=\"async\" width=\"800\" height=\"410\" src=\"https:\/\/kolff.cl\/wp-content\/uploads\/2026\/03\/KOLFF_NEGRO_SOBRE_AMARILLO.png\" class=\"attachment-large size-large wp-image-3014\" alt=\"\" srcset=\"https:\/\/kolff.cl\/wp-content\/uploads\/2026\/03\/KOLFF_NEGRO_SOBRE_AMARILLO.png 885w, https:\/\/kolff.cl\/wp-content\/uploads\/2026\/03\/KOLFF_NEGRO_SOBRE_AMARILLO-300x154.png 300w, https:\/\/kolff.cl\/wp-content\/uploads\/2026\/03\/KOLFF_NEGRO_SOBRE_AMARILLO-768x394.png 768w, https:\/\/kolff.cl\/wp-content\/uploads\/2026\/03\/KOLFF_NEGRO_SOBRE_AMARILLO-600x308.png 600w\" sizes=\"(max-width: 800px) 100vw, 800px\" \/>\t\t\t\t\t\t\t\t\t\t\t\t\t\t\t<\/div>\n\t\t\t\t<\/div>\n\t\t<div class=\"elementor-element elementor-element-13e2350 e-con-full e-grid e-con e-child\" data-id=\"13e2350\" data-element_type=\"container\">\n\t\t\t\t<div class=\"elementor-element elementor-element-d381a4f jltma-glass-effect-no elementor-widget elementor-widget-image\" data-id=\"d381a4f\" data-element_type=\"widget\" data-widget_type=\"image.default\">\n\t\t\t\t<div class=\"elementor-widget-container\">\n\t\t\t\t\t\t\t\t\t\t\t\t\t\t\t<img decoding=\"async\" width=\"600\" height=\"304\" src=\"https:\/\/kolff.cl\/wp-content\/uploads\/2026\/03\/Kolffday-left.png\" class=\"attachment-large size-large wp-image-3045\" alt=\"\" srcset=\"https:\/\/kolff.cl\/wp-content\/uploads\/2026\/03\/Kolffday-left.png 600w, https:\/\/kolff.cl\/wp-content\/uploads\/2026\/03\/Kolffday-left-300x152.png 300w\" sizes=\"(max-width: 600px) 100vw, 600px\" \/>\t\t\t\t\t\t\t\t\t\t\t\t\t\t\t<\/div>\n\t\t\t\t<\/div>\n\t\t\t\t<div class=\"elementor-element elementor-element-7f4bde9 elementor-hidden-tablet elementor-hidden-mobile elementor-widget-divider--view-line jltma-glass-effect-no elementor-widget elementor-widget-divider\" data-id=\"7f4bde9\" data-element_type=\"widget\" data-widget_type=\"divider.default\">\n\t\t\t\t<div class=\"elementor-widget-container\">\n\t\t\t\t\t\t\t<div class=\"elementor-divider\">\n\t\t\t<span class=\"elementor-divider-separator\">\n\t\t\t\t\t\t<\/span>\n\t\t<\/div>\n\t\t\t\t\t\t<\/div>\n\t\t\t\t<\/div>\n\t\t\t\t<div class=\"elementor-element elementor-element-46c59c3 elementor-hidden-tablet elementor-hidden-mobile jltma-glass-effect-no elementor-widget elementor-widget-image\" data-id=\"46c59c3\" data-element_type=\"widget\" data-widget_type=\"image.default\">\n\t\t\t\t<div class=\"elementor-widget-container\">\n\t\t\t\t\t\t\t\t\t\t\t\t\t\t\t<img fetchpriority=\"high\" decoding=\"async\" width=\"800\" height=\"410\" src=\"https:\/\/kolff.cl\/wp-content\/uploads\/2026\/03\/KOLFF_NEGRO_SOBRE_AMARILLO.png\" class=\"attachment-large size-large wp-image-3014\" alt=\"\" srcset=\"https:\/\/kolff.cl\/wp-content\/uploads\/2026\/03\/KOLFF_NEGRO_SOBRE_AMARILLO.png 885w, https:\/\/kolff.cl\/wp-content\/uploads\/2026\/03\/KOLFF_NEGRO_SOBRE_AMARILLO-300x154.png 300w, https:\/\/kolff.cl\/wp-content\/uploads\/2026\/03\/KOLFF_NEGRO_SOBRE_AMARILLO-768x394.png 768w, https:\/\/kolff.cl\/wp-content\/uploads\/2026\/03\/KOLFF_NEGRO_SOBRE_AMARILLO-600x308.png 600w\" sizes=\"(max-width: 800px) 100vw, 800px\" \/>\t\t\t\t\t\t\t\t\t\t\t\t\t\t\t<\/div>\n\t\t\t\t<\/div>\n\t\t\t\t<\/div>\n\t\t<div class=\"elementor-element elementor-element-e82c151 e-con-full e-grid e-con e-child\" data-id=\"e82c151\" data-element_type=\"container\">\n\t\t\t\t<div class=\"elementor-element elementor-element-a72113c jltma-glass-effect-no elementor-widget elementor-widget-text-editor\" data-id=\"a72113c\" data-element_type=\"widget\" data-widget_type=\"text-editor.default\">\n\t\t\t\t<div class=\"elementor-widget-container\">\n\t\t\t\t\t\t\t\t\t<h3><strong>LUGAR<\/strong><\/h3>\n<p><strong>Hotel The Ritz-Carlton, sal\u00f3n A<\/strong><\/p>\n<p><em>El Alcalde 15, El Golf, Las Condes<\/em><\/p>\t\t\t\t\t\t\t\t<\/div>\n\t\t\t\t<\/div>\n\t\t\t\t<div class=\"elementor-element elementor-element-eee25af elementor-hidden-widescreen elementor-hidden-desktop elementor-hidden-tablet jltma-glass-effect-no elementor-widget elementor-widget-image\" data-id=\"eee25af\" data-element_type=\"widget\" data-widget_type=\"image.default\">\n\t\t\t\t<div class=\"elementor-widget-container\">\n\t\t\t\t\t\t\t\t\t\t\t\t\t\t\t<img decoding=\"async\" width=\"43\" height=\"6\" src=\"https:\/\/kolff.cl\/wp-content\/uploads\/2026\/03\/liner.png\" class=\"attachment-large size-large wp-image-3032\" alt=\"\" \/>\t\t\t\t\t\t\t\t\t\t\t\t\t\t\t<\/div>\n\t\t\t\t<\/div>\n\t\t\t\t<div class=\"elementor-element elementor-element-2e49005 elementor-hidden-widescreen elementor-hidden-desktop elementor-hidden-tablet jltma-glass-effect-no elementor-widget elementor-widget-text-editor\" data-id=\"2e49005\" data-element_type=\"widget\" data-widget_type=\"text-editor.default\">\n\t\t\t\t<div class=\"elementor-widget-container\">\n\t\t\t\t\t\t\t\t\t<h3><strong>FECHA<\/strong><\/h3>\n<p><strong>Viernes 24 de abril<\/strong><\/p>\n<p><em>2026<\/em><\/p>\t\t\t\t\t\t\t\t<\/div>\n\t\t\t\t<\/div>\n\t\t\t\t<div class=\"elementor-element elementor-element-dab7fcd elementor-hidden-tablet elementor-hidden-mobile jltma-glass-effect-no elementor-widget elementor-widget-text-editor\" data-id=\"dab7fcd\" data-element_type=\"widget\" data-widget_type=\"text-editor.default\">\n\t\t\t\t<div class=\"elementor-widget-container\">\n\t\t\t\t\t\t\t\t\t<h3><strong>FECHA<\/strong><\/h3><p><strong>Viernes 24 de abril<\/strong><\/p><p><em>2026<\/em><\/p>\t\t\t\t\t\t\t\t<\/div>\n\t\t\t\t<\/div>\n\t\t\t\t<\/div>\n\t\t\t\t<div class=\"elementor-element elementor-element-785fc04 elementor-align-left jltma-glass-effect-no elementor-widget elementor-widget-button\" data-id=\"785fc04\" data-element_type=\"widget\" data-widget_type=\"button.default\">\n\t\t\t\t<div class=\"elementor-widget-container\">\n\t\t\t\t\t\t\t\t\t<div class=\"elementor-button-wrapper\">\n\t\t\t\t\t<a class=\"elementor-button elementor-button-link elementor-size-sm\" href=\"#form-invitacion\">\n\t\t\t\t\t\t<span class=\"elementor-button-content-wrapper\">\n\t\t\t\t\t\t<span class=\"elementor-button-icon\">\n\t\t\t\t<i aria-hidden=\"true\" class=\"simple-line-icons icon-arrow-down\"><\/i>\t\t\t<\/span>\n\t\t\t\t\t\t\t\t\t<span class=\"elementor-button-text\">QUIERO INSCRIBIRME<\/span>\n\t\t\t\t\t<\/span>\n\t\t\t\t\t<\/a>\n\t\t\t\t<\/div>\n\t\t\t\t\t\t\t\t<\/div>\n\t\t\t\t<\/div>\n\t\t\t\t<div class=\"elementor-element elementor-element-164ba9b jltma-glass-effect-no elementor-widget elementor-widget-text-editor\" data-id=\"164ba9b\" data-element_type=\"widget\" data-widget_type=\"text-editor.default\">\n\t\t\t\t<div class=\"elementor-widget-container\">\n\t\t\t\t\t\t\t\t\t<h2><img loading=\"lazy\" decoding=\"async\" class=\"alignnone size-full wp-image-3032\" src=\"https:\/\/kolff.cl\/wp-content\/uploads\/2026\/03\/liner.png\" alt=\"\" width=\"43\" height=\"6\" \/><strong><em><br \/><\/em><\/strong><\/h2><h2><strong>PROGRAMA<\/strong><\/h2>\t\t\t\t\t\t\t\t<\/div>\n\t\t\t\t<\/div>\n\t\t\t\t<div class=\"elementor-element elementor-element-ce8d7fb jltma-glass-effect-no elementor-widget elementor-widget-text-editor\" data-id=\"ce8d7fb\" data-element_type=\"widget\" id=\"form\" data-widget_type=\"text-editor.default\">\n\t\t\t\t<div class=\"elementor-widget-container\">\n\t\t\t\t\t\t\t\t\t<h3 style=\"text-align: left;\"><strong>09:00 &#8211; 09:30<\/strong><\/h3><p style=\"text-align: left;\"><strong>Bienvenida &#8211; Coffee Break<\/strong><\/p>\t\t\t\t\t\t\t\t<\/div>\n\t\t\t\t<\/div>\n\t\t\t\t<div class=\"elementor-element elementor-element-ff20a86 jltma-glass-effect-no elementor-widget elementor-widget-text-editor\" data-id=\"ff20a86\" data-element_type=\"widget\" data-widget_type=\"text-editor.default\">\n\t\t\t\t<div class=\"elementor-widget-container\">\n\t\t\t\t\t\t\t\t\t<h3 style=\"text-align: left;\"><strong>9:30 &#8211; 10:20<\/strong><\/h3>\n<p style=\"text-align: left;\"><strong>\u201cArquitectura UPS Descentralizada (DPA) para Infraestructura Cr\u00edtica: Dise\u00f1o y Experiencia en Chile\u201d<\/strong><\/p>\n\n<table class=\"tabla-expositor\">\n<tbody>\n<tr>\n<td style=\"padding: 0;\" rowspan=\"2\" width=\"60px\"><img loading=\"lazy\" decoding=\"async\" class=\"avatar-lp alignnone wp-image-3088\" src=\"https:\/\/kolff.cl\/wp-content\/uploads\/2026\/03\/Juan-Pablo-Oyarce-avatar.jpg\" alt=\"\" width=\"50\" height=\"50\" srcset=\"https:\/\/kolff.cl\/wp-content\/uploads\/2026\/03\/Juan-Pablo-Oyarce-avatar.jpg 300w, https:\/\/kolff.cl\/wp-content\/uploads\/2026\/03\/Juan-Pablo-Oyarce-avatar-150x150.jpg 150w, https:\/\/kolff.cl\/wp-content\/uploads\/2026\/03\/Juan-Pablo-Oyarce-avatar-100x100.jpg 100w\" sizes=\"(max-width: 50px) 100vw, 50px\" \/><\/td>\n<td style=\"padding: 0;\">\n<p style=\"text-align: left;\"><em> por Juan Pablo Oyarce<\/em><\/p>\n<\/td>\n<\/tr>\n<tr>\n<td style=\"padding: 0;\">\n<h6 style=\"text-align: left;\"><em>Gerente de Ingenier\u00eda y Proyectos KOLFF<\/em><\/h6>\n<\/td>\n<\/tr>\n<\/tbody>\n<\/table>\t\t\t\t\t\t\t\t<\/div>\n\t\t\t\t<\/div>\n\t\t\t\t<div class=\"elementor-element elementor-element-8a43755 jltma-glass-effect-no elementor-widget elementor-widget-text-editor\" data-id=\"8a43755\" data-element_type=\"widget\" data-widget_type=\"text-editor.default\">\n\t\t\t\t<div class=\"elementor-widget-container\">\n\t\t\t\t\t\t\t\t\t<h3 style=\"text-align: left;\"><strong>10:30 &#8211; 11:00<\/strong><\/h3><p style=\"text-align: left;\"><strong>\u201cDesaf\u00edo DS1\/2022: Certificaci\u00f3n y cumplimiento de la nueva norma lum\u00ednica\u2019\u2019<\/strong><\/p><table class=\"tabla-expositor\"><tbody><tr><td style=\"padding: 0;\" rowspan=\"2\" width=\"60px\"><img loading=\"lazy\" decoding=\"async\" class=\"avatar-lp alignnone wp-image-3090 size-full\" src=\"https:\/\/kolff.cl\/wp-content\/uploads\/2026\/03\/Jonathan-Soto-avatar.jpg\" alt=\"\" width=\"50\" height=\"50\" srcset=\"https:\/\/kolff.cl\/wp-content\/uploads\/2026\/03\/Jonathan-Soto-avatar.jpg 300w, https:\/\/kolff.cl\/wp-content\/uploads\/2026\/03\/Jonathan-Soto-avatar-150x150.jpg 150w, https:\/\/kolff.cl\/wp-content\/uploads\/2026\/03\/Jonathan-Soto-avatar-100x100.jpg 100w\" sizes=\"(max-width: 50px) 100vw, 50px\" \/><\/td><td style=\"padding: 0;\"><p style=\"text-align: left;\"><em>por Jonathan Soto<\/em><\/p><\/td><\/tr><tr><td style=\"padding: 0;\"><h6 style=\"text-align: left;\"><em>Jefe de Certificaci\u00f3n \/ Fotometr\u00eda PUCV<\/em><\/h6><\/td><\/tr><\/tbody><\/table>\t\t\t\t\t\t\t\t<\/div>\n\t\t\t\t<\/div>\n\t\t\t\t<div class=\"elementor-element elementor-element-504a386 jltma-glass-effect-no elementor-widget elementor-widget-text-editor\" data-id=\"504a386\" data-element_type=\"widget\" data-widget_type=\"text-editor.default\">\n\t\t\t\t<div class=\"elementor-widget-container\">\n\t\t\t\t\t\t\t\t\t<h3 style=\"text-align: left;\"><strong>11:00 &#8211; 12:00<\/strong><\/h3><p style=\"text-align: left;\"><strong><span data-teams=\"true\">\u201cHacia la Miner\u00eda Carbono Neutral: Desaf\u00edos en Electromovilidad, Gesti\u00f3n de Bater\u00edas y Respaldo Energ\u00e9tico\u2019\u2019<\/span><\/strong><\/p><table class=\"tabla-expositor\"><tbody><tr><td style=\"padding: 0;\" rowspan=\"2\" width=\"60px\"><img loading=\"lazy\" decoding=\"async\" class=\"avatar-lp alignnone wp-image-3089 size-full\" src=\"https:\/\/kolff.cl\/wp-content\/uploads\/2026\/03\/Marcos-Orchard-avatar.jpg\" alt=\"\" width=\"50\" height=\"50\" srcset=\"https:\/\/kolff.cl\/wp-content\/uploads\/2026\/03\/Marcos-Orchard-avatar.jpg 300w, https:\/\/kolff.cl\/wp-content\/uploads\/2026\/03\/Marcos-Orchard-avatar-150x150.jpg 150w, https:\/\/kolff.cl\/wp-content\/uploads\/2026\/03\/Marcos-Orchard-avatar-100x100.jpg 100w\" sizes=\"(max-width: 50px) 100vw, 50px\" \/><\/td><td style=\"padding: 0;\"><p style=\"text-align: left;\"><em>por Dr. Marcos Orchard<\/em><\/p><\/td><\/tr><tr><td style=\"padding: 0;\"><h6 style=\"text-align: left;\"><em>Profesor Titular \/ Departamento de Ingenier\u00eda Civil El\u00e9ctrica \/ Universidad de Chile<\/em><\/h6><h6 style=\"text-align: left;\"><em>Director del Centro \/ Aceleraci\u00f3n Sostenible de Electromovilidad (CASE)<\/em><\/h6><\/td><\/tr><\/tbody><\/table>\t\t\t\t\t\t\t\t<\/div>\n\t\t\t\t<\/div>\n\t\t\t\t<div class=\"elementor-element elementor-element-e520ae0 jltma-glass-effect-no elementor-widget elementor-widget-text-editor\" data-id=\"e520ae0\" data-element_type=\"widget\" data-widget_type=\"text-editor.default\">\n\t\t\t\t<div class=\"elementor-widget-container\">\n\t\t\t\t\t\t\t\t\t<h3 style=\"text-align: left;\"><strong>12:00 &#8211; 13:00<\/strong><\/h3><p style=\"text-align: left;\"><strong>Cocktail<\/strong><\/p>\t\t\t\t\t\t\t\t<\/div>\n\t\t\t\t<\/div>\n\t\t\t\t<div class=\"elementor-element elementor-element-17faa6d jltma-glass-effect-no elementor-widget elementor-widget-text-editor\" data-id=\"17faa6d\" data-element_type=\"widget\" data-widget_type=\"text-editor.default\">\n\t\t\t\t<div class=\"elementor-widget-container\">\n\t\t\t\t\t\t\t\t\t<a id=\"form-invitacion\" href=\"#\"><\/a>\n<script src=\"https:\/\/js.hsforms.net\/forms\/embed\/20052728.js\" defer><span data-mce-type=\"bookmark\" style=\"display: inline-block; width: 0px; overflow: hidden; line-height: 0;\" class=\"mce_SELRES_start\">\ufeff<\/span><\/script>\n<div class=\"hs-form-frame\" data-region=\"na1\" data-form-id=\"2f00ce46-9dd0-4169-88a1-1181739e063e\" data-portal-id=\"20052728\"><\/div>\t\t\t\t\t\t\t\t<\/div>\n\t\t\t\t<\/div>\n\t\t\t\t\t<\/div>\n\t\t\t\t<\/div>\n\t\t\t\t<\/div>\n\t\t","protected":false},"excerpt":{"rendered":"<p>LUGAR Hotel The Ritz-Carlton, sal\u00f3n A El Alcalde 15, El Golf, Las Condes FECHA Viernes 24 de abril 2026 FECHA Viernes 24 de abril 2026 QUIERO INSCRIBIRME PROGRAMA 09:00 &#8211; 09:30 Bienvenida &#8211; Coffee Break 9:30 &#8211; 10:20 \u201cArquitectura UPS Descentralizada (DPA) para Infraestructura Cr\u00edtica: Dise\u00f1o y Experiencia en Chile\u201d por Juan Pablo Oyarce Gerente [&hellip;]<\/p>\n","protected":false},"author":4,"featured_media":0,"parent":0,"menu_order":0,"comment_status":"closed","ping_status":"closed","template":"elementor_header_footer","meta":{"content-type":"","footnotes":""},"class_list":["post-3008","page","type-page","status-publish","hentry"],"yoast_head":"<!-- This site is optimized with the Yoast SEO plugin v25.3.1 - https:\/\/yoast.com\/wordpress\/plugins\/seo\/ -->\n<title>KOLFF DAY - Kolff<\/title>\n<meta name=\"robots\" content=\"index, follow, max-snippet:-1, max-image-preview:large, max-video-preview:-1\" \/>\n<link rel=\"canonical\" href=\"https:\/\/kolff.cl\/index.php\/kolff-day\/\" \/>\n<meta property=\"og:locale\" content=\"es_ES\" \/>\n<meta property=\"og:type\" content=\"article\" \/>\n<meta property=\"og:title\" content=\"KOLFF DAY - Kolff\" \/>\n<meta property=\"og:description\" content=\"LUGAR Hotel The Ritz-Carlton, sal\u00f3n A El Alcalde 15, El Golf, Las Condes FECHA Viernes 24 de abril 2026 FECHA Viernes 24 de abril 2026 QUIERO INSCRIBIRME PROGRAMA 09:00 &#8211; 09:30 Bienvenida &#8211; Coffee Break 9:30 &#8211; 10:20 \u201cArquitectura UPS Descentralizada (DPA) para Infraestructura Cr\u00edtica: Dise\u00f1o y Experiencia en Chile\u201d por Juan Pablo Oyarce Gerente [&hellip;]\" \/>\n<meta property=\"og:url\" content=\"https:\/\/kolff.cl\/index.php\/kolff-day\/\" \/>\n<meta property=\"og:site_name\" content=\"Kolff\" \/>\n<meta property=\"article:modified_time\" content=\"2026-03-19T14:42:04+00:00\" \/>\n<meta property=\"og:image\" content=\"https:\/\/kolff.cl\/wp-content\/uploads\/2026\/03\/KOLFF_NEGRO_SOBRE_AMARILLO.png\" \/>\n\t<meta property=\"og:image:width\" content=\"885\" \/>\n\t<meta property=\"og:image:height\" content=\"454\" \/>\n\t<meta property=\"og:image:type\" content=\"image\/png\" \/>\n<meta name=\"twitter:card\" content=\"summary_large_image\" \/>\n<meta name=\"twitter:label1\" content=\"Tiempo de lectura\" \/>\n\t<meta name=\"twitter:data1\" content=\"3 minutos\" \/>\n<script type=\"application\/ld+json\" class=\"yoast-schema-graph\">{\"@context\":\"https:\/\/schema.org\",\"@graph\":[{\"@type\":\"WebPage\",\"@id\":\"https:\/\/kolff.cl\/index.php\/kolff-day\/\",\"url\":\"https:\/\/kolff.cl\/index.php\/kolff-day\/\",\"name\":\"KOLFF DAY - Kolff\",\"isPartOf\":{\"@id\":\"https:\/\/kolff.cl\/#website\"},\"primaryImageOfPage\":{\"@id\":\"https:\/\/kolff.cl\/index.php\/kolff-day\/#primaryimage\"},\"image\":{\"@id\":\"https:\/\/kolff.cl\/index.php\/kolff-day\/#primaryimage\"},\"thumbnailUrl\":\"https:\/\/kolff.cl\/wp-content\/uploads\/2026\/03\/KOLFF_NEGRO_SOBRE_AMARILLO.png\",\"datePublished\":\"2026-03-11T15:41:03+00:00\",\"dateModified\":\"2026-03-19T14:42:04+00:00\",\"breadcrumb\":{\"@id\":\"https:\/\/kolff.cl\/index.php\/kolff-day\/#breadcrumb\"},\"inLanguage\":\"es\",\"potentialAction\":[{\"@type\":\"ReadAction\",\"target\":[\"https:\/\/kolff.cl\/index.php\/kolff-day\/\"]}]},{\"@type\":\"ImageObject\",\"inLanguage\":\"es\",\"@id\":\"https:\/\/kolff.cl\/index.php\/kolff-day\/#primaryimage\",\"url\":\"https:\/\/kolff.cl\/wp-content\/uploads\/2026\/03\/KOLFF_NEGRO_SOBRE_AMARILLO.png\",\"contentUrl\":\"https:\/\/kolff.cl\/wp-content\/uploads\/2026\/03\/KOLFF_NEGRO_SOBRE_AMARILLO.png\",\"width\":885,\"height\":454},{\"@type\":\"BreadcrumbList\",\"@id\":\"https:\/\/kolff.cl\/index.php\/kolff-day\/#breadcrumb\",\"itemListElement\":[{\"@type\":\"ListItem\",\"position\":1,\"name\":\"Portada\",\"item\":\"https:\/\/kolff.cl\/\"},{\"@type\":\"ListItem\",\"position\":2,\"name\":\"KOLFF DAY\"}]},{\"@type\":\"WebSite\",\"@id\":\"https:\/\/kolff.cl\/#website\",\"url\":\"https:\/\/kolff.cl\/\",\"name\":\"Kolff\",\"description\":\"\",\"potentialAction\":[{\"@type\":\"SearchAction\",\"target\":{\"@type\":\"EntryPoint\",\"urlTemplate\":\"https:\/\/kolff.cl\/?s={search_term_string}\"},\"query-input\":{\"@type\":\"PropertyValueSpecification\",\"valueRequired\":true,\"valueName\":\"search_term_string\"}}],\"inLanguage\":\"es\"}]}<\/script>\n<!-- \/ Yoast SEO plugin. -->","yoast_head_json":{"title":"KOLFF DAY - Kolff","robots":{"index":"index","follow":"follow","max-snippet":"max-snippet:-1","max-image-preview":"max-image-preview:large","max-video-preview":"max-video-preview:-1"},"canonical":"https:\/\/kolff.cl\/index.php\/kolff-day\/","og_locale":"es_ES","og_type":"article","og_title":"KOLFF DAY - Kolff","og_description":"LUGAR Hotel The Ritz-Carlton, sal\u00f3n A El Alcalde 15, El Golf, Las Condes FECHA Viernes 24 de abril 2026 FECHA Viernes 24 de abril 2026 QUIERO INSCRIBIRME PROGRAMA 09:00 &#8211; 09:30 Bienvenida &#8211; Coffee Break 9:30 &#8211; 10:20 \u201cArquitectura UPS Descentralizada (DPA) para Infraestructura Cr\u00edtica: Dise\u00f1o y Experiencia en Chile\u201d por Juan Pablo Oyarce Gerente [&hellip;]","og_url":"https:\/\/kolff.cl\/index.php\/kolff-day\/","og_site_name":"Kolff","article_modified_time":"2026-03-19T14:42:04+00:00","og_image":[{"width":885,"height":454,"url":"https:\/\/kolff.cl\/wp-content\/uploads\/2026\/03\/KOLFF_NEGRO_SOBRE_AMARILLO.png","type":"image\/png"}],"twitter_card":"summary_large_image","twitter_misc":{"Tiempo de lectura":"3 minutos"},"schema":{"@context":"https:\/\/schema.org","@graph":[{"@type":"WebPage","@id":"https:\/\/kolff.cl\/index.php\/kolff-day\/","url":"https:\/\/kolff.cl\/index.php\/kolff-day\/","name":"KOLFF DAY - Kolff","isPartOf":{"@id":"https:\/\/kolff.cl\/#website"},"primaryImageOfPage":{"@id":"https:\/\/kolff.cl\/index.php\/kolff-day\/#primaryimage"},"image":{"@id":"https:\/\/kolff.cl\/index.php\/kolff-day\/#primaryimage"},"thumbnailUrl":"https:\/\/kolff.cl\/wp-content\/uploads\/2026\/03\/KOLFF_NEGRO_SOBRE_AMARILLO.png","datePublished":"2026-03-11T15:41:03+00:00","dateModified":"2026-03-19T14:42:04+00:00","breadcrumb":{"@id":"https:\/\/kolff.cl\/index.php\/kolff-day\/#breadcrumb"},"inLanguage":"es","potentialAction":[{"@type":"ReadAction","target":["https:\/\/kolff.cl\/index.php\/kolff-day\/"]}]},{"@type":"ImageObject","inLanguage":"es","@id":"https:\/\/kolff.cl\/index.php\/kolff-day\/#primaryimage","url":"https:\/\/kolff.cl\/wp-content\/uploads\/2026\/03\/KOLFF_NEGRO_SOBRE_AMARILLO.png","contentUrl":"https:\/\/kolff.cl\/wp-content\/uploads\/2026\/03\/KOLFF_NEGRO_SOBRE_AMARILLO.png","width":885,"height":454},{"@type":"BreadcrumbList","@id":"https:\/\/kolff.cl\/index.php\/kolff-day\/#breadcrumb","itemListElement":[{"@type":"ListItem","position":1,"name":"Portada","item":"https:\/\/kolff.cl\/"},{"@type":"ListItem","position":2,"name":"KOLFF DAY"}]},{"@type":"WebSite","@id":"https:\/\/kolff.cl\/#website","url":"https:\/\/kolff.cl\/","name":"Kolff","description":"","potentialAction":[{"@type":"SearchAction","target":{"@type":"EntryPoint","urlTemplate":"https:\/\/kolff.cl\/?s={search_term_string}"},"query-input":{"@type":"PropertyValueSpecification","valueRequired":true,"valueName":"search_term_string"}}],"inLanguage":"es"}]}},"_links":{"self":[{"href":"https:\/\/kolff.cl\/index.php\/wp-json\/wp\/v2\/pages\/3008","targetHints":{"allow":["GET"]}}],"collection":[{"href":"https:\/\/kolff.cl\/index.php\/wp-json\/wp\/v2\/pages"}],"about":[{"href":"https:\/\/kolff.cl\/index.php\/wp-json\/wp\/v2\/types\/page"}],"author":[{"embeddable":true,"href":"https:\/\/kolff.cl\/index.php\/wp-json\/wp\/v2\/users\/4"}],"replies":[{"embeddable":true,"href":"https:\/\/kolff.cl\/index.php\/wp-json\/wp\/v2\/comments?post=3008"}],"version-history":[{"count":133,"href":"https:\/\/kolff.cl\/index.php\/wp-json\/wp\/v2\/pages\/3008\/revisions"}],"predecessor-version":[{"id":3168,"href":"https:\/\/kolff.cl\/index.php\/wp-json\/wp\/v2\/pages\/3008\/revisions\/3168"}],"wp:attachment":[{"href":"https:\/\/kolff.cl\/index.php\/wp-json\/wp\/v2\/media?parent=3008"}],"curies":[{"name":"wp","href":"https:\/\/api.w.org\/{rel}","templated":true}]}}